{"id":1160,"date":"2018-09-26T15:51:48","date_gmt":"2018-09-26T13:51:48","guid":{"rendered":"http:\/\/blogg.regionkronoberg.se\/trakutbildning\/?page_id=1160"},"modified":"2021-05-20T14:28:16","modified_gmt":"2021-05-20T12:28:16","slug":"kontakt","status":"publish","type":"page","link":"https:\/\/blogg.regionkronoberg.se\/trakutbildning\/kontakt\/","title":{"rendered":"Kontakt\/Om"},"content":{"rendered":"<div id=\"pl-1160\"  class=\"panel-layout\" ><div id=\"pg-1160-0\"  class=\"panel-grid panel-no-style\" ><div id=\"pgc-1160-0-0\"  class=\"panel-grid-cell\" ><div id=\"panel-1160-0-0-0\" class=\"so-panel widget widget_sow-editor panel-first-child panel-last-child\" data-index=\"0\" ><div\n\t\t\t\n\t\t\tclass=\"so-widget-sow-editor so-widget-sow-editor-base\"\n\t\t\t\n\t\t>\n<div class=\"siteorigin-widget-tinymce textwidget\">\n\t<p>Emelie Lind\u00e9n, traksjuksk\u00f6terska \/kommunsjuksk\u00f6terska: 0703-776342<\/p>\n<p>Lina Karlsson, traksjuksk\u00f6terska\/kommunsjuksk\u00f6terska: 0706-189161<\/p>\n<p>Mikael Hjerpe, traksjuksk\u00f6terska\/kommunsjuksk\u00f6terska: 0706-189162<\/p>\n<p>Zita Fredriksson, traksjuksk\u00f6terska\/kommunsjuksk\u00f6terska: 0703-776492<\/p>\n<p>&nbsp;<\/p>\n<p>Sara Bj\u00f6rknert, Chef lungsektionen CLV avd 5, Ansvarig f\u00f6r Trakostomihandboken: 0470-588202<\/p>\n<p>&nbsp;<\/p>\n<p>&nbsp;<\/p>\n<p>&nbsp;<\/p>\n<p>&nbsp;<\/p>\n<\/div>\n<\/div><\/div><\/div><div id=\"pgc-1160-0-1\"  class=\"panel-grid-cell\" ><div id=\"panel-1160-0-1-0\" class=\"so-panel widget widget_sow-editor panel-first-child panel-last-child\" data-index=\"1\" ><div\n\t\t\t\n\t\t\tclass=\"so-widget-sow-editor so-widget-sow-editor-base\"\n\t\t\t\n\t\t>\n<div class=\"siteorigin-widget-tinymce textwidget\">\n\t<p>Allt inneh\u00e5ll i denna handbok och webbutbildning grundar sig i Region Kronobergs kunskaps \u00f6versikt avseende v\u00e5rd av trakeotomerad patient.<\/p>\n<p><strong>Du kan hitta mer information om trakealv\u00e5rd p\u00e5 regionens hemsida, V\u00e5rdgivarwebben.<\/strong><\/p>\n<p><a href=\"http:\/\/www.regionkronoberg.se\/vardgivare\/vardriktlinjer\/medicinska-riktlinjer\/oron-nasa-och-hals\/#tab-content-7885\">Klicka h\u00e4r<\/a><\/p>\n<\/div>\n<\/div><\/div><\/div><\/div><\/div>","protected":false},"excerpt":{"rendered":"<p>Emelie Lind\u00e9n, traksjuksk\u00f6terska \/kommunsjuksk\u00f6terska: 0703-776342 Lina Karlsson, traksjuksk\u00f6terska\/kommunsjuksk\u00f6terska: 0706-189161 Mikael Hjerpe, traksjuksk\u00f6terska\/kommunsjuksk\u00f6terska: 0706-189162 Zita Fredriksson, traksjuksk\u00f6terska\/kommunsjuksk\u00f6terska: 0703-776492 &nbsp; Sara Bj\u00f6rknert, Chef lungsektionen CLV avd 5, Ansvarig f\u00f6r Trakostomihandboken: 0470-588202 &nbsp; &nbsp; &nbsp; &nbsp; Allt inneh\u00e5ll i denna handbok och webbutbildning grundar sig i Region Kronobergs kunskaps \u00f6versikt avseende v\u00e5rd av\u2026<\/p>\n<p> <a class=\"continue-reading-link\" href=\"https:\/\/blogg.regionkronoberg.se\/trakutbildning\/kontakt\/\"><span>Continue reading<\/span><i class=\"crycon-right-dir\"><\/i><\/a> <\/p>\n","protected":false},"author":45,"featured_media":0,"parent":0,"menu_order":0,"comment_status":"closed","ping_status":"closed","template":"","meta":{"footnotes":""},"class_list":["post-1160","page","type-page","status-publish","hentry"],"_links":{"self":[{"href":"https:\/\/blogg.regionkronoberg.se\/trakutbildning\/wp-json\/wp\/v2\/pages\/1160","targetHints":{"allow":["GET"]}}],"collection":[{"href":"https:\/\/blogg.regionkronoberg.se\/trakutbildning\/wp-json\/wp\/v2\/pages"}],"about":[{"href":"https:\/\/blogg.regionkronoberg.se\/trakutbildning\/wp-json\/wp\/v2\/types\/page"}],"author":[{"embeddable":true,"href":"https:\/\/blogg.regionkronoberg.se\/trakutbildning\/wp-json\/wp\/v2\/users\/45"}],"replies":[{"embeddable":true,"href":"https:\/\/blogg.regionkronoberg.se\/trakutbildning\/wp-json\/wp\/v2\/comments?post=1160"}],"version-history":[{"count":18,"href":"https:\/\/blogg.regionkronoberg.se\/trakutbildning\/wp-json\/wp\/v2\/pages\/1160\/revisions"}],"predecessor-version":[{"id":1687,"href":"https:\/\/blogg.regionkronoberg.se\/trakutbildning\/wp-json\/wp\/v2\/pages\/1160\/revisions\/1687"}],"wp:attachment":[{"href":"https:\/\/blogg.regionkronoberg.se\/trakutbildning\/wp-json\/wp\/v2\/media?parent=1160"}],"curies":[{"name":"wp","href":"https:\/\/api.w.org\/{rel}","templated":true}]}}